{"id":6164,"date":"2017-01-17T03:36:05","date_gmt":"2017-01-17T03:36:05","guid":{"rendered":"http:\/\/worldclock.com\/?page_id=6164"},"modified":"2017-01-17T03:36:46","modified_gmt":"2017-01-17T03:36:46","slug":"seszele","status":"publish","type":"page","link":"https:\/\/www.worldclock.com\/Aktualny-Czas\/afryka\/seszele\/","title":{"rendered":"Seszele"},"content":{"rendered":"<p>Seszele jest s\u0105 grup\u0105 115 wysp, z kt\u00f3rych tylko kilka jest zamieszka\u0142ych, le\u017c\u0105 one na Oceanie Indyjskim nieopodal wybrze\u017ca wshodniego Afryki, i na p\u00f3\u0142nocny wsch\u00f3d od  Madagaskaru. Stolic\u0105 jest Victoria. Seszele nie by\u0142y zamieszkane przez wi\u0119kszo\u015b\u0107 dziej\u00f3w ludzko\u015bci dopiero portugalski odkrywca Vasco da Gama zmieni\u0142 t\u0105 sytuacj\u0119. Wyspy stanowi\u0142y punkt handlowy, \u0142\u0105cz\u0105cy Afryk\u0119 z Azj\u0105, pomimo cz\u0119\u015btych problem\u00f3w z piratami. Swoj\u0105 obecn\u0105 nazw\u0119 Seszele zawdzi\u0119czaj\u0105 francuskiuemu ministrowi d\/s finans\u00f3w Jean Moreau de Sechelles, z 1756 roku, kiedy wyspa znajdowa\u0142a si\u0119 pod rz\u0105dami Francji. Po okresie panowania brytyjskiego Seszele uzyska\u0142y swoj\u0105 niepodleg\u0142o\u015b\u0107 w 1976 roku.<br \/>\nArchipelag wysp Seszele obejmuje 115 wysp. Wyspy obfituj\u0105 w rzadko spotykane i wymagajace ochrony dzikie zwierz\u0119ta i dzk\u0105 przyrod\u0119T na Seszelach zosta\u0142y wprowadzone bardzo ostre prawa dotycz\u0105ce ochrony \u015brodowiska. Kluczowym czynnikiem gospodarki Seszel\u00f3w jest stabilna turystyka, dlatego jak dot\u0105d dzi\u0119ki dzia\u0142aniom rz\u0105du Seszele zyska\u0142y reputacj\u0119 miejsca ekskluzywnego, kt\u00f3re przyci\u0105gatylko najbogatszych go\u015bci.<br \/>\nWalut\u0105 u\u017cywan\u0105 na Seszelach jest rupia. <\/p>\n","protected":false},"excerpt":{"rendered":"<p>Seszele jest s\u0105 grup\u0105 115 wysp, z kt\u00f3rych tylko kilka jest zamieszka\u0142ych, le\u017c\u0105 one na Oceanie Indyjskim nieopodal wybrze\u017ca wshodniego Afryki, i na p\u00f3\u0142nocny wsch\u00f3d od Madagaskaru. Stolic\u0105 jest Victoria. Seszele nie by\u0142y zamieszkane przez wi\u0119kszo\u015b\u0107 dziej\u00f3w ludzko\u015bci dopiero portugalski odkrywca Vasco da Gama zmieni\u0142 t\u0105 sytuacj\u0119. Wyspy stanowi\u0142y punkt handlowy, \u0142\u0105cz\u0105cy Afryk\u0119 z Azj\u0105, &hellip; <a href=\"https:\/\/www.worldclock.com\/Aktualny-Czas\/afryka\/seszele\/\" class=\"more-link\"><\/a><\/p>\n","protected":false},"author":1,"featured_media":3858,"parent":6055,"menu_order":0,"comment_status":"closed","ping_status":"closed","template":"custom-page-templates-countrypage.php","meta":{"_acf_changed":false,"footnotes":""},"categories":[],"tags":[],"class_list":["post-6164","page","type-page","status-publish","has-post-thumbnail","hentry"],"acf":[],"_links":{"self":[{"href":"https:\/\/www.worldclock.com\/Aktualny-Czas\/wp-json\/wp\/v2\/pages\/6164","targetHints":{"allow":["GET"]}}],"collection":[{"href":"https:\/\/www.worldclock.com\/Aktualny-Czas\/wp-json\/wp\/v2\/pages"}],"about":[{"href":"https:\/\/www.worldclock.com\/Aktualny-Czas\/wp-json\/wp\/v2\/types\/page"}],"author":[{"embeddable":true,"href":"https:\/\/www.worldclock.com\/Aktualny-Czas\/wp-json\/wp\/v2\/users\/1"}],"replies":[{"embeddable":true,"href":"https:\/\/www.worldclock.com\/Aktualny-Czas\/wp-json\/wp\/v2\/comments?post=6164"}],"version-history":[{"count":0,"href":"https:\/\/www.worldclock.com\/Aktualny-Czas\/wp-json\/wp\/v2\/pages\/6164\/revisions"}],"up":[{"embeddable":true,"href":"https:\/\/www.worldclock.com\/Aktualny-Czas\/wp-json\/wp\/v2\/pages\/6055"}],"wp:featuredmedia":[{"embeddable":true,"href":"https:\/\/www.worldclock.com\/Aktualny-Czas\/wp-json\/wp\/v2\/media\/3858"}],"wp:attachment":[{"href":"https:\/\/www.worldclock.com\/Aktualny-Czas\/wp-json\/wp\/v2\/media?parent=6164"}],"wp:term":[{"taxonomy":"category","embeddable":true,"href":"https:\/\/www.worldclock.com\/Aktualny-Czas\/wp-json\/wp\/v2\/categories?post=6164"},{"taxonomy":"post_tag","embeddable":true,"href":"https:\/\/www.worldclock.com\/Aktualny-Czas\/wp-json\/wp\/v2\/tags?post=6164"}],"curies":[{"name":"wp","href":"https:\/\/api.w.org\/{rel}","templated":true}]}}